{"id":3900,"date":"2026-07-08T09:17:11","date_gmt":"2026-07-08T09:17:11","guid":{"rendered":"https:\/\/devserver.admin.uoc.gr\/edutoolkit\/?page_id=3900"},"modified":"2026-07-09T11:03:58","modified_gmt":"2026-07-09T11:03:58","slug":"descripcion-del-proyecto","status":"publish","type":"page","link":"https:\/\/devserver.admin.uoc.gr\/edutoolkit\/es\/descripcion-del-proyecto\/","title":{"rendered":"Descripci\u00f3n del Proyecto"},"content":{"rendered":"\t\t<div data-elementor-type=\"wp-page\" data-elementor-id=\"3900\" class=\"elementor elementor-3900\">\n\t\t\t\t<div class=\"elementor-element elementor-element-56388cf e-flex e-con-boxed e-con e-parent\" data-id=\"56388cf\" data-element_type=\"container\" data-e-type=\"container\">\n\t\t\t\t\t<div class=\"e-con-inner\">\n\t\t\t\t<div class=\"elementor-element elementor-element-11845a3 elementor-widget elementor-widget-heading\" data-id=\"11845a3\" data-element_type=\"widget\" data-e-type=\"widget\" data-widget_type=\"heading.default\">\n\t\t\t\t<div class=\"elementor-widget-container\">\n\t\t\t\t\t<h2 class=\"elementor-heading-title elementor-size-default\">Descripci\u00f3n del Proyecto<\/h2>\t\t\t\t<\/div>\n\t\t\t\t<\/div>\n\t\t\t\t<div class=\"elementor-element elementor-element-98dee76 elementor-widget elementor-widget-text-editor\" data-id=\"98dee76\" data-element_type=\"widget\" data-e-type=\"widget\" data-widget_type=\"text-editor.default\">\n\t\t\t\t<div class=\"elementor-widget-container\">\n\t\t\t\t\t\t\t\t\t<p><strong>Marco Te\u00f3rico<\/strong><\/p><p><strong>Definiendo las pr\u00e1cticas de alfabetizaci\u00f3n<\/strong><\/p><p>Los r\u00e1pidos cambios tecnol\u00f3gicos y sociales de las sociedades contempor\u00e1neas han dado lugar a una redefinici\u00f3n del papel de la educaci\u00f3n y, en consecuencia, del propio concepto de alfabetizaci\u00f3n (Cope y Kalantzis, 2000, pp. 5-8). Hasta finales del siglo XX, la alfabetizaci\u00f3n se defin\u00eda principalmente como la capacidad de leer y escribir en la variedad ling\u00fc\u00edstica dominante, una concepci\u00f3n que consideraba el lenguaje como una habilidad neutral y que ignoraba los contextos sociales y culturales en los que este se utiliza (Gee, 2008. p.31). Sin embargo, las nuevas condiciones tecnol\u00f3gicas, comunicativas y multiculturales pusieron de manifiesto las limitaciones de esta definici\u00f3n descontextualizada. As\u00ed, se hizo evidente que la alfabetizaci\u00f3n no constituye simplemente un conjunto de habilidades t\u00e9cnicas neutrales, sino que est\u00e1 estrechamente vinculada con las caracter\u00edsticas del entorno sociocultural en el que se desarrolla y se practica (Baynham, 1995, p.1). Como consecuencia, el concepto adquiri\u00f3 una marcada dimensi\u00f3n social y cultural y comenz\u00f3 a concebirse como una pr\u00e1ctica social compleja. La alfabetizaci\u00f3n ya no puede estudiarse independientemente de los diversos contextos sociales en los que se desarrolla; por el contrario, se analiza a trav\u00e9s de contextos espec\u00edficos de uso, es decir, mediante <strong><em>pr\u00e1cticas de alfabetizaci\u00f3n<\/em><\/strong> concretas (Baynham, 1995, pp. 39, 54; Gee, 2008, pp. 42-43).<\/p><p>En nuestro estudio, nos centramos en las <strong>pr\u00e1cticas de alfabetizaci\u00f3n<\/strong> del alumnado, espec\u00edficamente en aquellas que tienen lugar <strong>dentro y fuera del \u00e1mbito escolar.<\/strong> Esta distinci\u00f3n es convencional y se establece sobre la base de los contextos sociales en los que se desarrollan (Baynham, 1995, p. 40). En consecuencia, abordamos las actividades alfabetizadoras no escolares realizadas por los ni\u00f1os y las ni\u00f1as en el entorno familiar, que constituye el principal espacio de socializaci\u00f3n y de expresi\u00f3n de sus intereses. Partimos de la premisa de que las caracter\u00edsticas del entorno familiar (por ejemplo, la tecnolog\u00eda disponible, la lengua y la cultura familiar) influyen directamente en las pr\u00e1cticas de alfabetizaci\u00f3n que el alumnado realiza fuera de la\u00a0 escuela. De manera paralela, las actividades de alfabetizaci\u00f3n escolares de los ni\u00f1os y las ni\u00f1as se sit\u00faan en el contexto educativo, que est\u00e1 determinado fundamentalmente por los curr\u00edculos, los materiales did\u00e1cticos y las formas en que estos son implementados por el profesorado.<\/p><p>\u00a0<\/p><p><strong>La hip\u00f3tesis del desajuste entre el hogar y la escuela<\/strong><\/p><p>Numerosos estudios internacionales han investigado las pr\u00e1cticas de alfabetizaci\u00f3n escolares y extraescolares del alumnado (v\u00e9ase el apartado <em>Lecturas complementarias<\/em>). Sus hallazgos indican la existencia de una falta de correspondencia entre ambas -conocida como<strong> <em>la hip\u00f3tesis del desajuste entre el hogar y la escuela<\/em> <\/strong>(Luke, 2004)-, ya que <strong>la escuela suele ignorar los intereses de los ni\u00f1os y las ni\u00f1as relacionados con el mundo digital y la cultura popular, al tiempo que contin\u00faan otorgando prioridad a las pr\u00e1cticas de alfabetizaci\u00f3n tradicionales, como la lectura y la escritura de textos asociados a la cultura dominante y a la denominada \u201calta cultura\u201d<\/strong> (v\u00e9anse, por ejemplo, Tsami et al., 2014; Kalantzis y Cope, 2012). Asimismo, los continuos cambios que se producen en las sociedades contempor\u00e1neas, combinados con la relativa inercia de los sistemas educativos, ampl\u00edan la distancia entre las pr\u00e1cticas de alfabetizaci\u00f3n escolares y las que tienen lugar fuera de la escuela (v\u00e9anse, por ejemplo, Cope y Kalantzis, 2000).<\/p><p>Las consecuencias de esta falta de correspondencia entre las pr\u00e1cticas de alfabetizaci\u00f3n escolares y extraescolares pueden observarse tanto en el aula como en un plano social m\u00e1s amplio. En primer lugar, un aprendizaje que no parte de las realidades vividas por los ni\u00f1os y las ni\u00f1as ni se orienta hacia ellas dif\u00edcilmente puede considerarse aut\u00e9ntico. Como consecuencia, la motivaci\u00f3n del alumnado para participar en los procesos de aprendizaje disminuye cuando no logra reconocer su propia realidad social en los materiales educativos que se le ofrecen (Kalantzis y Cope, 2012, p. 160).\u00a0\u00a0\u00a0\u00a0\u00a0\u00a0\u00a0\u00a0\u00a0\u00a0\u00a0<\/p><p>Adem\u00e1s, se perpet\u00faan las desigualdades entre los estudiantes al privilegiarse determinados modelos dominantes de alfabetizaci\u00f3n. En consecuencia, quedan marginados aquellos ni\u00f1os y ni\u00f1as cuyos entornos familiares no les han acercado a las pr\u00e1cticas de alfabetizaci\u00f3n valoradas por la escuela. Entre ellos pueden encontrarse estudiantes pertenecientes a minor\u00edas culturales, sociales, econ\u00f3micas o ling\u00fc\u00edsticas (Bernstein, 1990; Heath, 1983).<\/p><p>Por tanto, el problema de la incompatibilidad entre la escuela y el hogar no es \u00fanicamente de car\u00e1cter educativo; constituye, ante todo, una cuesti\u00f3n social estrechamente vinculada a la igualdad de oportunidades. En lugar de funcionar como un mecanismo de transformaci\u00f3n de las relaciones sociales de poder existentes, la escuela, a trav\u00e9s de este desajuste observado, parece operar como un mecanismo de reproducci\u00f3n de dichas relaciones.<\/p>\t\t\t\t\t\t\t\t<\/div>\n\t\t\t\t<\/div>\n\t\t\t\t\t<\/div>\n\t\t\t\t<\/div>\n\t\t<div class=\"elementor-element elementor-element-729d32f e-flex e-con-boxed e-con e-parent\" data-id=\"729d32f\" data-element_type=\"container\" data-e-type=\"container\" data-settings=\"{&quot;background_background&quot;:&quot;classic&quot;}\">\n\t\t\t\t\t<div class=\"e-con-inner\">\n\t\t<div class=\"elementor-element elementor-element-6e6ae50 e-con-full e-flex e-con e-child\" data-id=\"6e6ae50\" data-element_type=\"container\" data-e-type=\"container\" data-settings=\"{&quot;background_background&quot;:&quot;classic&quot;}\">\n\t\t\t\t<div class=\"elementor-element elementor-element-71e053e elementor-widget elementor-widget-image\" data-id=\"71e053e\" data-element_type=\"widget\" data-e-type=\"widget\" data-widget_type=\"image.default\">\n\t\t\t\t<div class=\"elementor-widget-container\">\n\t\t\t\t\t\t\t\t\t\t\t\t<figure class=\"wp-caption\">\n\t\t\t\t\t\t\t\t\t\t<img fetchpriority=\"high\" decoding=\"async\" width=\"602\" height=\"351\" src=\"https:\/\/devserver.admin.uoc.gr\/edutoolkit\/wp-content\/uploads\/2026\/07\/\u0395\u03b9\u03ba\u03cc\u03bd\u03b12.jpg\" class=\"attachment-large size-large wp-image-3902\" alt=\"\" srcset=\"https:\/\/devserver.admin.uoc.gr\/edutoolkit\/wp-content\/uploads\/2026\/07\/\u0395\u03b9\u03ba\u03cc\u03bd\u03b12.jpg 602w, https:\/\/devserver.admin.uoc.gr\/edutoolkit\/wp-content\/uploads\/2026\/07\/\u0395\u03b9\u03ba\u03cc\u03bd\u03b12-300x175.jpg 300w\" sizes=\"(max-width: 602px) 100vw, 602px\" \/>\t\t\t\t\t\t\t\t\t\t\t<figcaption class=\"widget-image-caption wp-caption-text\">NUESTRO SISTEMA EDUCATIVO<\/figcaption>\n\t\t\t\t\t\t\t\t\t\t<\/figure>\n\t\t\t\t\t\t\t\t\t<\/div>\n\t\t\t\t<\/div>\n\t\t\t\t<div class=\"elementor-element elementor-element-6189f1f elementor-widget elementor-widget-text-editor\" data-id=\"6189f1f\" data-element_type=\"widget\" data-e-type=\"widget\" data-widget_type=\"text-editor.default\">\n\t\t\t\t<div class=\"elementor-widget-container\">\n\t\t\t\t\t\t\t\t\t<p>Fuente: <a href=\"https:\/\/escuelarural.net\/apuntes-sobre-evaluacion-en-aulas-multigrado\/\">https:\/\/escuelarural.net\/apuntes-sobre-evaluacion-en-aulas-multigrado\/<\/a><\/p>\t\t\t\t\t\t\t\t<\/div>\n\t\t\t\t<\/div>\n\t\t\t\t<\/div>\n\t\t<div class=\"elementor-element elementor-element-60c8c62 e-con-full e-flex e-con e-child\" data-id=\"60c8c62\" data-element_type=\"container\" data-e-type=\"container\">\n\t\t\t\t<div class=\"elementor-element elementor-element-7d8492e elementor-widget elementor-widget-text-editor\" data-id=\"7d8492e\" data-element_type=\"widget\" data-e-type=\"widget\" data-widget_type=\"text-editor.default\">\n\t\t\t\t<div class=\"elementor-widget-container\">\n\t\t\t\t\t\t\t\t\t<p><strong>Referencias<\/strong><\/p><p>Baynham, M. (1995). <em>Literacy Practices: Investigating Literacy in Social Contexts<\/em>. Longman.<br \/>\u00a0Bernstein, B. (1990). <em>Class, Codes and Control: The Structuring of Pedagogic Discourse<\/em>. Routledge.<br \/>\u00a0Cope, B., &amp; Kalantzis, M. (2000). <em>Multiliteracies: Literacy Learning and the Design of Social Futures<\/em>. Routledge.<br \/>\u00a0Gee, J. P. (2008). <em>Social Linguistics and Literacies: Ideology in Discourses<\/em>. Routledge.<br \/>\u00a0Heath, S. B. (1983). <em>Ways with Words: Language, Life and Work in Communities and Classrooms<\/em>. Cambridge University Press.<br \/>\u00a0Kalantzis, M., &amp; Cope, B. (2012). <em>Literacies<\/em>. Cambridge University Press.<br \/>\u00a0Luke, A. (2004). On the Material Consequences of Literacy. <em>Language &amp; Education<\/em>, 18(4), 331-335.<br \/>Tsami, V., Archakis, A., Fterniati, A., Papazachariou, D., &amp; Tsakona, V. (2014). Mapping Elementary School Students\u2019 Preferences for Mass Cultural Literacy Practices. In <em>1st International Conference: Education Across Borders<\/em> (pp. 361\u2013371), Florina, Greece, 5-7 October 2012.<\/p>\t\t\t\t\t\t\t\t<\/div>\n\t\t\t\t<\/div>\n\t\t\t\t<\/div>\n\t\t\t\t\t<\/div>\n\t\t\t\t<\/div>\n\t\t<div class=\"elementor-element elementor-element-4f332a2 e-flex e-con-boxed e-con e-parent\" data-id=\"4f332a2\" data-element_type=\"container\" data-e-type=\"container\">\n\t\t\t\t\t<div class=\"e-con-inner\">\n\t\t\t\t<div class=\"elementor-element elementor-element-bc2ef69 elementor-widget elementor-widget-text-editor\" data-id=\"bc2ef69\" data-element_type=\"widget\" data-e-type=\"widget\" data-widget_type=\"text-editor.default\">\n\t\t\t\t<div class=\"elementor-widget-container\">\n\t\t\t\t\t\t\t\t\t<p><strong>Objetivos del proyecto<\/strong><\/p><p>A partir de lo expuesto anteriormente, resulta evidente que la creaci\u00f3n de entornos educativos inclusivos y centrados en el alumnado requiere docentes abiertos y positivamente predispuestos a explorar los intereses de sus estudiantes e incorporarlos al proceso de ense\u00f1anza y aprendizaje.<\/p><p>En consonancia con esta idea, <strong>el objetivo principal de nuestro proyecto es apoyar al profesorado en la investigaci\u00f3n de las pr\u00e1cticas de alfabetizaci\u00f3n de su alumnado, tanto escolares como extraescolares, as\u00ed como en la reducci\u00f3n de la distancia existente entre ambos contextos. Con este prop\u00f3sito, nuestro equipo ha desarrollado una herramienta digital de f\u00e1cil utilizaci\u00f3n y metodol\u00f3gicamente fundamentada, que persigue los siguientes objetivos:<\/strong><\/p><ul><li>Facilitar la integraci\u00f3n de las pr\u00e1cticas de alfabetizaci\u00f3n extraescolares del alumnado en el proceso de ense\u00f1anza y aprendizaje desarrollado en el aula.<\/li><li>Capacitar al profesorado para actuar como investigador y etn\u00f3grafo de las pr\u00e1cticas de alfabetizaci\u00f3n de sus estudiantes.<\/li><li>Fomentar la exploraci\u00f3n de las pr\u00e1cticas de alfabetizaci\u00f3n del alumnado desde m\u00faltiples perspectivas.<\/li><li>Sensibilizar sobre la relevancia social y educativa de alinear las pr\u00e1cticas de alfabetizaci\u00f3n del hogar y aquellas que se desarrollan en la escuela.<\/li><li>Promover la reflexi\u00f3n cr\u00edtica del profesorado sobre su papel pedag\u00f3gico e institucional.<\/li><\/ul><p>A trav\u00e9s de estos objetivos, el proyecto aspira a contribuir al desarrollo de pr\u00e1cticas educativas m\u00e1s inclusivas, significativas y socialmente sensibles, que reconozcan y aprovechen la diversidad de experiencias de alfabetizaci\u00f3n que el alumnado aporta al contexto escolar.<\/p><p><strong>Contribuci\u00f3n del proyecto e innovaci\u00f3n<\/strong><\/p><p>Como ya se ha se\u00f1alado, el objetivo principal de este proyecto es desarrollar una herramienta digital en l\u00ednea para apoyar al profesorado en la investigaci\u00f3n de las pr\u00e1cticas de alfabetizaci\u00f3n escolares y extraescolares de su alumnado y, en \u00faltima instancia, para reducir la distancia existente entre ambas.<\/p><p><strong>En el \u00e1mbito de la investigaci\u00f3n<\/strong>, esperamos que este proyecto contribuya al estudio de las pr\u00e1cticas de alfabetizaci\u00f3n del alumnado y a su comparaci\u00f3n mediante su implementaci\u00f3n:<\/p><ul><li>en una amplia variedad de contextos educativos;<\/li><li>con grupos diversos de estudiantes;<\/li><li>en un amplio abanico de \u00e1reas curriculares; y<\/li><li>en diferentes contextos culturales.<\/li><\/ul><p>Consideramos que esta contribuci\u00f3n reviste especial importancia por dos razones. En primer lugar, el n\u00famero de estudios centrados en las pr\u00e1cticas contempor\u00e1neas de alfabetizaci\u00f3n sigue siendo relativamente reducido. En segundo lugar, los hallazgos de este tipo de investigaciones suelen tener una validez limitada en el tiempo, debido al ritmo r\u00e1pido de los cambios sociales, tecnol\u00f3gicos y culturales. De manera m\u00e1s amplia, consideramos que los resultados de nuestra investigaci\u00f3n pueden contribuir a la formulaci\u00f3n de pol\u00edticas educativas, proporcionando evidencias y fundamentos que favorezcan la mejora de los sistemas educativos.<\/p><p><strong>En el \u00e1mbito educativo<\/strong>, se espera que nuestra investigaci\u00f3n contribuya a que el profesorado reconsidere la educaci\u00f3n escolar situando las necesidades e intereses de todo el alumnado en el centro del proceso de ense\u00f1anza y aprendizaje. En este sentido, nuestro proyecto promueve una educaci\u00f3n inclusiva y centrada en el alumnado, contribuyendo tanto al logro efectivo de los objetivos de aprendizaje como a la creaci\u00f3n de un entorno educativo m\u00e1s equitativo.<\/p><p><strong>En un plano social m\u00e1s amplio<\/strong>, aspiramos a cuestionar los estereotipos que asocian la escolarizaci\u00f3n y la alfabetizaci\u00f3n principalmente con textos pertenecientes a la denominada \u00abalta cultura\u00bb, es decir, con aquellos textos tradicionalmente considerados m\u00e1s refinados, de mayor calidad y de un valor cultural superior, como los incluidos en el canon literario (Bourdieu, 1984). Tales estereotipos subestiman las experiencias cotidianas de los ni\u00f1os y las ni\u00f1as al ignorar su interacci\u00f3n con textos propios de la cultura \u201cpopular\u201d o \u201cde masas\u201d y al obstaculizar los esfuerzos dirigidos a incorporar dichos textos a la pr\u00e1ctica educativa. Asimismo, estas concepciones dificultan la igualdad de oportunidades en educaci\u00f3n, al situar en desventaja a aquellos estudiantes cuyos contextos ling\u00fc\u00edsticos y culturales no se corresponden con los modelos privilegiados por el sistema educativo. En consecuencia, otro de los objetivos de esta investigaci\u00f3n es contribuir a la reducci\u00f3n de las desigualdades sociales, promover la igualdad de oportunidades y desnaturalizar las formas dominantes de alfabetizaci\u00f3n que con frecuencia se asumen como incuestionables.<\/p><p>Por \u00faltimo, el car\u00e1cter innovador de nuestro proyecto radica en el desarrollo y la difusi\u00f3n en l\u00ednea de una herramienta pr\u00e1ctica disponible en tres lenguas (griego, ingl\u00e9s y espa\u00f1ol). Esta herramienta incorpora a la pr\u00e1ctica educativa una comprensi\u00f3n fundamentada en la investigaci\u00f3n seg\u00fan la cual el profesorado desempe\u00f1a un papel crucial en la reducci\u00f3n de la distancia existente entre el hogar y la escuela. La desatenci\u00f3n o desvalorizaci\u00f3n, por parte de las instituciones escolares, de los intereses y las pr\u00e1cticas de alfabetizaci\u00f3n extraescolares de los ni\u00f1os y las ni\u00f1as, as\u00ed como las consecuencias derivadas de estas actitudes, han sido puestas de relieve en numerosos estudios internacionales. Por esta raz\u00f3n, la presente investigaci\u00f3n constituye una aportaci\u00f3n innovadora y de gran relevancia, con un importante potencial tanto para la pr\u00e1ctica educativa como para futuras l\u00edneas de investigaci\u00f3n.<\/p><p>\u00a0<\/p><p><strong>Referencias:<\/strong><\/p><p>Bourdieu, P. (1984). <em>La distinci\u00f3n: criterio y bases sociales del gusto<\/em>. Harvard University Press.<\/p><p>\u00a0<\/p>\t\t\t\t\t\t\t\t<\/div>\n\t\t\t\t<\/div>\n\t\t\t\t\t<\/div>\n\t\t\t\t<\/div>\n\t\t<div class=\"elementor-element elementor-element-1a6643a e-flex e-con-boxed e-con e-parent\" data-id=\"1a6643a\" data-element_type=\"container\" data-e-type=\"container\" data-settings=\"{&quot;background_background&quot;:&quot;classic&quot;}\">\n\t\t\t\t\t<div class=\"e-con-inner\">\n\t\t\t\t<div class=\"elementor-element elementor-element-6f55f96 elementor-widget elementor-widget-text-editor\" data-id=\"6f55f96\" data-element_type=\"widget\" data-e-type=\"widget\" data-widget_type=\"text-editor.default\">\n\t\t\t\t<div class=\"elementor-widget-container\">\n\t\t\t\t\t\t\t\t\t<p><strong>Cronograma de ejecuci\u00f3n del proyecto<\/strong><\/p><p>Nuestro proyecto, titulado <strong><em>\u201cConectando las pr\u00e1cticas de alfabetizaci\u00f3n escolares y extraescolares: un repositorio de recursos en l\u00ednea \u00fatil para el\u00a0 profesorado\u201d<\/em><\/strong>, se desarrolla en el marco del <strong>Educational Lab Project<\/strong> de la <strong>Universidad Europea Ingenium<\/strong>, mediante una colaboraci\u00f3n entre la <strong>Universidad de Creta<\/strong> y la <strong>Universidad de Oviedo<\/strong>.<\/p>\t\t\t\t\t\t\t\t<\/div>\n\t\t\t\t<\/div>\n\t\t\t\t<div class=\"elementor-element elementor-element-e7c4ee7 elementor-widget elementor-widget-ucaddon_unlimited_timeline\" data-id=\"e7c4ee7\" data-element_type=\"widget\" data-e-type=\"widget\" data-widget_type=\"ucaddon_unlimited_timeline.default\">\n\t\t\t\t<div class=\"elementor-widget-container\">\n\t\t\t\t\t\n<!-- start Unlimited Timeline -->\n\t\t<link id='font-awesome-css' href='https:\/\/devserver.admin.uoc.gr\/edutoolkit\/wp-content\/plugins\/unlimited-elements-for-elementor\/assets_libraries\/font-awesome6\/fontawesome-all.min.css' type='text\/css' rel='stylesheet' >\n\t\t<link id='font-awesome-4-shim-css' href='https:\/\/devserver.admin.uoc.gr\/edutoolkit\/wp-content\/plugins\/unlimited-elements-for-elementor\/assets_libraries\/font-awesome6\/fontawesome-v4-shims.min.css' type='text\/css' rel='stylesheet' >\n\n<style>\/* widget: Unlimited Timeline *\/\n\n\r\n@keyframes uc_unlimited_timeline_elementor_e7c4ee7__item-animation {\r\n  0% {\r\n            transform: translateX(100px);\r\n        \t        \tfilter: blur(10px);\r\n\t\t\t\r\n    \t    opacity: 0;\r\n  }\r\n  100% {\r\n            transform: translateX(0px);\r\n        \t            filter: blur(0px);\r\n            \r\n    \t\topacity: 1;\r\n  }\r\n}\r\n\r\n\r\n#uc_unlimited_timeline_elementor_e7c4ee7 .ue_timeline_item{\r\n\topacity:0;\r\n}\r\n\r\n\r\n#uc_unlimited_timeline_elementor_e7c4ee7 .uc-entrance-animate {\r\n  opacity:1;\r\n}\r\n\r\n#uc_unlimited_timeline_elementor_e7c4ee7 .uc-entrance-animate {\r\n\tanimation: uc_unlimited_timeline_elementor_e7c4ee7__item-animation 0.6s cubic-bezier(0.470, 0.000, 0.745, 0.715) both;\r\n}\r\n\r\n\t\t\t\n\n#uc_unlimited_timeline_elementor_e7c4ee7{\n  direction:ltr;\n}\n\n#uc_unlimited_timeline_elementor_e7c4ee7 *{\n  box-sizing:border-box;\n}\n\n#uc_unlimited_timeline_elementor_e7c4ee7 .ue_timeline_item{\n  display:flex;\n  flex-direction:row-reverse;\n}\n\n#uc_unlimited_timeline_elementor_e7c4ee7 .ue_timeline_item_icon{\n  display:flex;\n  flex-direction:column;\n  align-items:center;\n}\n\n#uc_unlimited_timeline_elementor_e7c4ee7 .ue_timeline_item_icon_line{\n  flex-grow:1;\n}\n\n#uc_unlimited_timeline_elementor_e7c4ee7 .ue_timeline_item_icon_line_offset{\n  flex-grow:0;\n  flex-shrink:0;\n}\n\n#uc_unlimited_timeline_elementor_e7c4ee7 .ue_timeline_item_icon_holder{\n  display:flex;\n  justify-content:center;\n  align-items:center;\n  line-height:1em;\n  flex-direction:column;\n  transition: all 0.4s ease-in-out;\n  text-align: center;\n}\n\n#uc_unlimited_timeline_elementor_e7c4ee7 .ue_timeline_item_icon_holder svg{\n  height:1em;\n  width:1em;\n}\n\n#uc_unlimited_timeline_elementor_e7c4ee7 .ue_timeline_item_content{\n  flex:1;\n  flex-shrink:0;\n  flex-direction:row-reverse;\n}\n\n#uc_unlimited_timeline_elementor_e7c4ee7 .ue_timeline_item_spacer{\n  flex:1;\n  flex-shrink:0;\n}\n\n#uc_unlimited_timeline_elementor_e7c4ee7 .ue_timeline_item_content_main{\n  flex-grow:1;\n  word-break: break-word;\n  transition: all .3s;\n  position: relative;\n}\n\n#uc_unlimited_timeline_elementor_e7c4ee7 .ue_timeline_item_content_main_link{\n  position: absolute;\n  width: 100%;\n  height: 100%;\n  left: 0;\n  top: 0;\n  display: block;\n}\n\n#uc_unlimited_timeline_elementor_e7c4ee7 .ue_timeline_item_content{\n  display:flex;\n}\n\n#uc_unlimited_timeline_elementor_e7c4ee7 .ue_timeline_item_pointer_spacer{\n  flex-grow:0;\n  flex-shrink:0;\n}\n\n#uc_unlimited_timeline_elementor_e7c4ee7 .ue_timeline_item_icon{\n  flex-grow:0;\n  flex-shrink:0;\n}\n\n#uc_unlimited_timeline_elementor_e7c4ee7 .ue_timeline_item_pointer{  \n  flex-grow:0;\n  flex-shrink:0;\n  margin-top:0px;\n  position:relative;\n}\n\n#uc_unlimited_timeline_elementor_e7c4ee7 .ue_timeline_item .ue_timeline_item_content .ue_timeline_item_pointer .ue_timeline_item_pointer_inside{\n  position:relative;\n  clip-path: polygon(0 50%, 100% 0, 100% 100%);\n  transition: all .3s;\n}\n\n  #uc_unlimited_timeline_elementor_e7c4ee7 .ue_timeline_item:last-child .ue_timeline_item_icon_line{\n    display:none;\n  }\n\t\n\n#uc_unlimited_timeline_elementor_e7c4ee7 .ue_timeline_item:last-child .ue_timeline_item_content{\n  margin-bottom:0px;\n}\n\n#uc_unlimited_timeline_elementor_e7c4ee7 .ue_timeline_item_spacer  {\n  display:none;\n}\n\n  #uc_unlimited_timeline_elementor_e7c4ee7 .ue_timeline_item:nth-child(odd)    {\n   flex-direction:row;\n  }\n\n  #uc_unlimited_timeline_elementor_e7c4ee7 .ue_timeline_item:nth-child(odd) .ue_timeline_item_content{\n   flex-direction:row;\n  } \n\n  #uc_unlimited_timeline_elementor_e7c4ee7 .ue_timeline_item_spacer  {\n    display:block;\n  }\n\n  #uc_unlimited_timeline_elementor_e7c4ee7 .ue_timeline_item:nth-child(odd) .ue_timeline_item_content .ue_timeline_item_pointer .ue_timeline_item_pointer_inside{ \n   clip-path: polygon(100% 50%, 0 0, 0 100%);\n  }\n\t\n\n#uc_unlimited_timeline_elementor_e7c4ee7 .ue_timeline_item_button{\n\tdisplay: flex;\n  \talign-items: center;\n}\n\n#uc_unlimited_timeline_elementor_e7c4ee7 .ue_timeline_item_link{\n\tcursor: pointer;\n  \ttransition: all .3s;\n}\n\n\n.ue_timeline_item_title{\n  font-size:21px;\n}\n\n.ue_text_one, .ue_text_two, .ue_text_three{\n  font-size:14px;\n  line-height:1.1em;\n}\n\n.ue_timeline_item_icon_line_mask, .ue_timeline_item_icon_line_offset_mask {\n  width: 100%;\n  height: 0%;\n  max-height: 100%;\n  will-change: height;\n}\n\n#uc_unlimited_timeline_elementor_e7c4ee7 .ue_timeline_item_line_icon_holder{\n  position: relative;\n}\n\n#uc_unlimited_timeline_elementor_e7c4ee7 .ue_timeline_item_line_floating_icon,\n#uc_unlimited_timeline_elementor_e7c4ee7 .ue_timeline_item_line_floating_icon-offset{\n  position: absolute;\n  bottom: 0;\n  left: 50%;\n  transform: translate(-50%, 0%);\n  opacity: 0;\n  display: none;\n    display: none !important;\n  }\n\n#uc_unlimited_timeline_elementor_e7c4ee7 .ue_timeline_floating_icon{\n  display:flex;\n  opacity: 1;\n  justify-content:center;\n  align-items:center;\n  line-height:1em;\n  flex-direction:column;\n  transition: all 0.4s ease-in-out;\n  text-align: center;\n}\n  \n#uc_unlimited_timeline_elementor_e7c4ee7 .ue_timeline_item_image{\nobject-fit: cover;\n}\n\n#uc_unlimited_timeline_elementor_e7c4ee7 .ue_timeline_item_content_inside{\n  position:relative;\n}\n\n#uc_unlimited_timeline_elementor_e7c4ee7 .ue_timeline_item_content_main{\n  position:relative;\n  overflow:hidden;\n}\n\n\n@media only screen and (max-width: 768px) {\n  #uc_unlimited_timeline_elementor_e7c4ee7 .ue_timeline_item{\n    flex-direction:row-reverse !important;\n  }\n\n  #uc_unlimited_timeline_elementor_e7c4ee7 .ue_timeline_item .ue_timeline_item_content{\n   flex-direction:row-reverse !important;\n  }\n  \n  #uc_unlimited_timeline_elementor_e7c4ee7 .ue_timeline_item_spacer  {\n    display:none;\n  }\n  \n  #uc_unlimited_timeline_elementor_e7c4ee7 .ue_timeline_item .ue_timeline_item_content .ue_timeline_item_pointer .ue_timeline_item_pointer_inside  { \n   clip-path: polygon(0 50%, 100% 0, 100% 100%) !important;\n  }  \n}\n#uc_unlimited_timeline_elementor_e7c4ee7 .ue_timeline_item_img_wrapper{\n  display: flex;\n}\n#uc_unlimited_timeline_elementor_e7c4ee7 .ue_timeline_item:nth-child(even) .ue_timeline_item_img_wrapper{\n  justify-content: flex-end;\n}\n#uc_unlimited_timeline_elementor_e7c4ee7 .ue_timeline_item:nth-child(odd) .ue_timeline_item_img_wrapper{\n  justify-content: flex-start;\n}\n\t\n\n\n\n\n\n\t\n\n\n\n\n\n\t\n\n\n\n\n\n\n\n<\/style>\n\n<div id=\"uc_unlimited_timeline_elementor_e7c4ee7\" class=\"uc-items-wrapper \"  >\n  \n<div class=\"ue_timeline_item elementor-repeater-item-d9b57fe \" id=\"uc_unlimited_timeline_elementor_e7c4ee7_item1\">\n    <div class=\"ue_timeline_item_content\">\n      \n      <div class=\"ue_timeline_item_content_main\">\n        \n                \n        <div class=\"ue_timeline_item_content_inside\">\n                <div class=\"ue_timeline_item_title\" >Marzo-junio de 2026<\/div>                <div class=\"ue_timeline_item_text\"><ul><li>Tras la aprobaci\u00f3n de nuestra propuesta de investigaci\u00f3n en marzo de 2026, el equipo investigador dedic\u00f3 tres meses a la revisi\u00f3n de la literatura especializada y al desarrollo de la herramienta digital (v\u00e9ase el apartado \u201cHerramienta digital\u201d).<\/li><li>Posteriormente, se dise\u00f1\u00f3 y desarroll\u00f3 este sitio web, y los materiales y textos del proyecto fueron incorporados a las secciones correspondientes.<\/li><\/ul><\/div>\t\n      \t          \n        <\/div>\n              <\/div>\n      \n            <div class=\"ue_timeline_item_pointer\">\n        <div class=\"ue_timeline_item_pointer_inside\"><\/div>\n      <\/div>\n            \n      <div class=\"ue_timeline_item_pointer_spacer\"><\/div>\n      \n    <\/div>\n  \n    <div class=\"ue_timeline_item_icon\">\n      <div class=\"ue_timeline_item_icon_line_offset\">\n      \t<div class=\"ue_timeline_item_icon_line_offset_mask ue_timeline_item_line_icon_holder\">\n          <div class=\"ue_timeline_item_line_floating_icon-offset ue_timeline_floating_icon\"><i class='fas fa-rocket'><\/i><\/div>\n        <\/div>\n      <\/div>\n      <div class=\"ue_timeline_item_icon_holder\">\n                                      <\/div>\n      \n      <div class=\"ue_timeline_item_icon_line\">\n      \t<div class=\"ue_timeline_item_icon_line_mask ue_timeline_item_line_icon_holder\">\n          <div class=\"ue_timeline_item_line_floating_icon ue_timeline_floating_icon\"><i class='fas fa-rocket'><\/i><\/div>\n        <\/div>\n      <\/div>\n      \n    <\/div>\n    <div class=\"ue_timeline_item_spacer\">\n        \t<\/div>\n  <\/div>\n\n<div class=\"ue_timeline_item elementor-repeater-item-16e3c2d \" id=\"uc_unlimited_timeline_elementor_e7c4ee7_item2\">\n    <div class=\"ue_timeline_item_content\">\n      \n      <div class=\"ue_timeline_item_content_main\">\n        \n                \n        <div class=\"ue_timeline_item_content_inside\">\n                <div class=\"ue_timeline_item_title\" >Junio-agosto de 2026<\/div>                <div class=\"ue_timeline_item_text\"><ul><li>En junio de 2026, el equipo de la Universidad de Creta particip\u00f3 con \u00e9xito en el Congreso ARLE\/IFTE 2026 celebrado en Barcelona, donde present\u00f3 en l\u00ednea una parte del proyecto.<\/li><li>A comienzos de julio de 2026, el equipo de la Universidad de Creta visit\u00f3 al equipo de la Universidad de Oviedo en Oviedo (Espa\u00f1a). En el marco de este encuentro de colaboraci\u00f3n, tambi\u00e9n se realizaron visitas a escuelas rurales de la comunidad aut\u00f3noma del Principado de Asturias.<\/li><\/ul><\/div>\t\n      \t          \n        <\/div>\n              <\/div>\n      \n            <div class=\"ue_timeline_item_pointer\">\n        <div class=\"ue_timeline_item_pointer_inside\"><\/div>\n      <\/div>\n            \n      <div class=\"ue_timeline_item_pointer_spacer\"><\/div>\n      \n    <\/div>\n  \n    <div class=\"ue_timeline_item_icon\">\n      <div class=\"ue_timeline_item_icon_line_offset\">\n      \t<div class=\"ue_timeline_item_icon_line_offset_mask ue_timeline_item_line_icon_holder\">\n          <div class=\"ue_timeline_item_line_floating_icon-offset ue_timeline_floating_icon\"><i class='fas fa-rocket'><\/i><\/div>\n        <\/div>\n      <\/div>\n      <div class=\"ue_timeline_item_icon_holder\">\n                                      <\/div>\n      \n      <div class=\"ue_timeline_item_icon_line\">\n      \t<div class=\"ue_timeline_item_icon_line_mask ue_timeline_item_line_icon_holder\">\n          <div class=\"ue_timeline_item_line_floating_icon ue_timeline_floating_icon\"><i class='fas fa-rocket'><\/i><\/div>\n        <\/div>\n      <\/div>\n      \n    <\/div>\n    <div class=\"ue_timeline_item_spacer\">\n        \t<\/div>\n  <\/div>\n\n<div class=\"ue_timeline_item elementor-repeater-item-4046afc \" id=\"uc_unlimited_timeline_elementor_e7c4ee7_item3\">\n    <div class=\"ue_timeline_item_content\">\n      \n      <div class=\"ue_timeline_item_content_main\">\n        \n                \n        <div class=\"ue_timeline_item_content_inside\">\n                <div class=\"ue_timeline_item_title\" >[En construcci\u00f3n]<\/div>                <div class=\"ue_timeline_item_text\"><\/div>\t\n      \t          \n        <\/div>\n              <\/div>\n      \n            <div class=\"ue_timeline_item_pointer\">\n        <div class=\"ue_timeline_item_pointer_inside\"><\/div>\n      <\/div>\n            \n      <div class=\"ue_timeline_item_pointer_spacer\"><\/div>\n      \n    <\/div>\n  \n    <div class=\"ue_timeline_item_icon\">\n      <div class=\"ue_timeline_item_icon_line_offset\">\n      \t<div class=\"ue_timeline_item_icon_line_offset_mask ue_timeline_item_line_icon_holder\">\n          <div class=\"ue_timeline_item_line_floating_icon-offset ue_timeline_floating_icon\"><i class='fas fa-rocket'><\/i><\/div>\n        <\/div>\n      <\/div>\n      <div class=\"ue_timeline_item_icon_holder\">\n                                      <\/div>\n      \n      <div class=\"ue_timeline_item_icon_line\">\n      \t<div class=\"ue_timeline_item_icon_line_mask ue_timeline_item_line_icon_holder\">\n          <div class=\"ue_timeline_item_line_floating_icon ue_timeline_floating_icon\"><i class='fas fa-rocket'><\/i><\/div>\n        <\/div>\n      <\/div>\n      \n    <\/div>\n    <div class=\"ue_timeline_item_spacer\">\n        \t<\/div>\n  <\/div>\n \n<\/div>\n<!-- end Unlimited Timeline -->\t\t\t\t<\/div>\n\t\t\t\t<\/div>\n\t\t\t\t\t<\/div>\n\t\t\t\t<\/div>\n\t\t<div class=\"elementor-element elementor-element-efa88cc e-flex e-con-boxed e-con e-parent\" data-id=\"efa88cc\" data-element_type=\"container\" data-e-type=\"container\">\n\t\t\t\t\t<div class=\"e-con-inner\">\n\t\t\t\t<div class=\"elementor-element elementor-element-2579377 elementor-widget elementor-widget-spacer\" data-id=\"2579377\" data-element_type=\"widget\" data-e-type=\"widget\" data-widget_type=\"spacer.default\">\n\t\t\t\t<div class=\"elementor-widget-container\">\n\t\t\t\t\t\t\t<div class=\"elementor-spacer\">\n\t\t\t<div class=\"elementor-spacer-inner\"><\/div>\n\t\t<\/div>\n\t\t\t\t\t\t<\/div>\n\t\t\t\t<\/div>\n\t\t\t\t\t<\/div>\n\t\t\t\t<\/div>\n\t\t\t\t<\/div>\n\t\t","protected":false},"excerpt":{"rendered":"<p>Descripci\u00f3n del Proyecto Marco Te\u00f3rico Definiendo las pr\u00e1cticas de alfabetizaci\u00f3n Los r\u00e1pidos cambios tecnol\u00f3gicos y sociales de las sociedades contempor\u00e1neas han dado lugar a una redefinici\u00f3n del papel de la educaci\u00f3n y, en consecuencia, del propio concepto de alfabetizaci\u00f3n (Cope y Kalantzis, 2000, pp. 5-8). Hasta finales del siglo XX, la alfabetizaci\u00f3n se defin\u00eda principalmente [&hellip;]<\/p>\n","protected":false},"author":1,"featured_media":0,"parent":0,"menu_order":0,"comment_status":"closed","ping_status":"closed","template":"","meta":{"site-sidebar-layout":"no-sidebar","site-content-layout":"page-builder","ast-site-content-layout":"normal-width-container","site-content-style":"boxed","site-sidebar-style":"default","ast-global-header-display":"","ast-banner-title-visibility":"","ast-main-header-display":"","ast-hfb-above-header-display":"","ast-hfb-below-header-display":"","ast-hfb-mobile-header-display":"","site-post-title":"disabled","ast-breadcrumbs-content":"","ast-featured-img":"disabled","footer-sml-layout":"","ast-disable-related-posts":"","theme-transparent-header-meta":"default","adv-header-id-meta":"","stick-header-meta":"","header-above-stick-meta":"","header-main-stick-meta":"","header-below-stick-meta":"","astra-migrate-meta-layouts":"set","ast-page-background-enabled":"default","ast-page-background-meta":{"desktop":{"background-color":"var(--ast-global-color-4)","background-image":"","background-repeat":"repeat","background-position":"center center","background-size":"auto","background-attachment":"scroll","background-type":"","background-media":"","overlay-type":"","overlay-color":"","overlay-opacity":"","overlay-gradient":""},"tablet":{"background-color":"","background-image":"","background-repeat":"repeat","background-position":"center center","background-size":"auto","background-attachment":"scroll","background-type":"","background-media":"","overlay-type":"","overlay-color":"","overlay-opacity":"","overlay-gradient":""},"mobile":{"background-color":"","background-image":"","background-repeat":"repeat","background-position":"center center","background-size":"auto","background-attachment":"scroll","background-type":"","background-media":"","overlay-type":"","overlay-color":"","overlay-opacity":"","overlay-gradient":""}},"ast-content-background-meta":{"desktop":{"background-color":"var(--ast-global-color-5)","background-image":"","background-repeat":"repeat","background-position":"center center","background-size":"auto","background-attachment":"scroll","background-type":"","background-media":"","overlay-type":"","overlay-color":"","overlay-opacity":"","overlay-gradient":""},"tablet":{"background-color":"var(--ast-global-color-5)","background-image":"","background-repeat":"repeat","background-position":"center center","background-size":"auto","background-attachment":"scroll","background-type":"","background-media":"","overlay-type":"","overlay-color":"","overlay-opacity":"","overlay-gradient":""},"mobile":{"background-color":"var(--ast-global-color-5)","background-image":"","background-repeat":"repeat","background-position":"center center","background-size":"auto","background-attachment":"scroll","background-type":"","background-media":"","overlay-type":"","overlay-color":"","overlay-opacity":"","overlay-gradient":""}},"footnotes":""},"class_list":["post-3900","page","type-page","status-publish","hentry"],"_links":{"self":[{"href":"https:\/\/devserver.admin.uoc.gr\/edutoolkit\/wp-json\/wp\/v2\/pages\/3900","targetHints":{"allow":["GET"]}}],"collection":[{"href":"https:\/\/devserver.admin.uoc.gr\/edutoolkit\/wp-json\/wp\/v2\/pages"}],"about":[{"href":"https:\/\/devserver.admin.uoc.gr\/edutoolkit\/wp-json\/wp\/v2\/types\/page"}],"author":[{"embeddable":true,"href":"https:\/\/devserver.admin.uoc.gr\/edutoolkit\/wp-json\/wp\/v2\/users\/1"}],"replies":[{"embeddable":true,"href":"https:\/\/devserver.admin.uoc.gr\/edutoolkit\/wp-json\/wp\/v2\/comments?post=3900"}],"version-history":[{"count":22,"href":"https:\/\/devserver.admin.uoc.gr\/edutoolkit\/wp-json\/wp\/v2\/pages\/3900\/revisions"}],"predecessor-version":[{"id":3930,"href":"https:\/\/devserver.admin.uoc.gr\/edutoolkit\/wp-json\/wp\/v2\/pages\/3900\/revisions\/3930"}],"wp:attachment":[{"href":"https:\/\/devserver.admin.uoc.gr\/edutoolkit\/wp-json\/wp\/v2\/media?parent=3900"}],"curies":[{"name":"wp","href":"https:\/\/api.w.org\/{rel}","templated":true}]}}